{"id":628,"date":"2018-03-11T19:47:32","date_gmt":"2018-03-11T18:47:32","guid":{"rendered":"https:\/\/werteinitiative.de\/?page_id=628"},"modified":"2021-09-10T13:44:02","modified_gmt":"2021-09-10T11:44:02","slug":"contact","status":"publish","type":"page","link":"https:\/\/werteinitiative.de\/en\/contact\/","title":{"rendered":"Contact"},"content":{"rendered":"<p>[vc_row][vc_column][vc_column_text]<div class=\"inf_blogslider inf_oneslide\"><div class=\"inf_blog\">\r\n              <div class=\"img\">\r\n                <div class=\"img_pos\" style=\"background-image:url('https:\/\/werteinitiative.de\/wp-content\/uploads\/2019\/12\/Fotos-Ananda-Rieber-Werteinitiative-9525.jpg');\"><\/div>\r\n          <div class=\"copy\">Photography by Ananda Rieber \/ <a href=\"https:\/\/www.ananda-rieber.de\/\" target=\"_blank\">www.Ananda-Rieber.de<\/a><\/div>\r\n                <div class=\"text\">\r\n           \r\n                <\/div>\r\n              <\/div>\r\n            <\/div>\r\n          \r\n        <\/div>\r\n        <script type=\"text\/javascript\">\r\n          jQuery(document).ready(function(){\r\n            jQuery(\"div.inf_blogslider\").slick({\r\n              dots: false,\r\n              prevArrow: '<div class=\"slick-prev slick-arrow\"><\/div>',\r\n              nextArrow: '<div class=\"slick-next slick-arrow\"><\/div>',\r\n              infinite: true,\r\n              slidesToShow: 1,\r\n              autoplay: true,\r\n              autoplaySpeed: 4000,\r\n              adaptiveHeight: true\r\n            });\r\n          });\r\n        <\/script>\r\n        <div class=\"inf_clearfix\"><\/div>\r\n      [\/vc_column_text][\/vc_column][\/vc_row][vc_row][vc_column width=&#8221;5\/12&#8243; css=&#8221;.vc_custom_1631274235973{margin-top: 17px !important;}&#8221;][vc_column_text]Nehmen Sie jetzt Kontakt zu uns auf wenn Sie Fragen oder Anregungen haben.<br \/>\nWir nehmen Ihr Anliegen erst und werden uns zeitnah bei Ihnen melden.[\/vc_column_text][vc_column_text]<strong>WerteInitiative e.V.<\/strong><br \/>\nPostfach 64 02 40<br \/>\n10048 Berlin<\/p>\n<p>E-Mail-Adresse:<br \/>\n<a href=\"mailto:kontakt@werteinitiative.de\">kontakt@werteinitiative.de<\/a>[\/vc_column_text][\/vc_column][vc_column width=&#8221;1\/12&#8243;][\/vc_column][vc_column width=&#8221;1\/2&#8243;]\n<div class=\"wpcf7 no-js\" id=\"wpcf7-f637-o1\" lang=\"de-DE\" dir=\"ltr\" data-wpcf7-id=\"637\">\n<div class=\"screen-reader-response\"><p role=\"status\" aria-live=\"polite\" aria-atomic=\"true\"><\/p> <ul><\/ul><\/div>\n<form action=\"\/en\/wp-json\/wp\/v2\/pages\/628#wpcf7-f637-o1\" method=\"post\" class=\"wpcf7-form init\" aria-label=\"Kontaktformular\" novalidate=\"novalidate\" data-status=\"init\">\n<fieldset class=\"hidden-fields-container\"><input type=\"hidden\" name=\"_wpcf7\" value=\"637\" \/><input type=\"hidden\" name=\"_wpcf7_version\" value=\"6.1.5\" \/><input type=\"hidden\" name=\"_wpcf7_locale\" value=\"de_DE\" \/><input type=\"hidden\" name=\"_wpcf7_unit_tag\" value=\"wpcf7-f637-o1\" \/><input type=\"hidden\" name=\"_wpcf7_container_post\" value=\"0\" \/><input type=\"hidden\" name=\"_wpcf7_posted_data_hash\" value=\"\" \/><input type=\"hidden\" name=\"_wpcf7cf_hidden_group_fields\" value=\"[]\" \/><input type=\"hidden\" name=\"_wpcf7cf_hidden_groups\" value=\"[]\" \/><input type=\"hidden\" name=\"_wpcf7cf_visible_groups\" value=\"[]\" \/><input type=\"hidden\" name=\"_wpcf7cf_repeaters\" value=\"[]\" \/><input type=\"hidden\" name=\"_wpcf7cf_steps\" value=\"{}\" \/><input type=\"hidden\" name=\"_wpcf7cf_options\" value=\"{&quot;form_id&quot;:637,&quot;conditions&quot;:[],&quot;settings&quot;:{&quot;animation&quot;:&quot;yes&quot;,&quot;animation_intime&quot;:200,&quot;animation_outtime&quot;:200,&quot;conditions_ui&quot;:&quot;normal&quot;,&quot;notice_dismissed&quot;:false,&quot;notice_dismissed_rollback-cf7-5.4.1&quot;:true,&quot;notice_dismissed_rollback-cf7-5.4.2&quot;:true,&quot;notice_dismissed_update-cf7-5.6.3&quot;:true,&quot;notice_dismissed_rollback-cf7-5.6.4&quot;:true,&quot;notice_dismissed_update-cf7-5.8&quot;:true,&quot;notice_dismissed_rollback-cf7-5.8&quot;:true,&quot;notice_dismissed_rollback-cf7-5.8.1&quot;:true,&quot;notice_dismissed_rollback-cf7-5.8.3&quot;:true,&quot;notice_dismissed_rollback-cf7-5.9.2&quot;:true}}\" \/><input type=\"hidden\" name=\"_wpcf7_recaptcha_response\" value=\"\" \/>\n<\/fieldset>\n<p><label>Name (Required)<br \/>\n<span class=\"wpcf7-form-control-wrap\" data-name=\"your-name\"><input size=\"40\" maxlength=\"400\" class=\"wpcf7-form-control wpcf7-text wpcf7-validates-as-required\" aria-required=\"true\" aria-invalid=\"false\" value=\"\" type=\"text\" name=\"your-name\" \/><\/span> <\/label>\n<\/p>\n<p><label>Email adress (Required)<br \/>\n<span class=\"wpcf7-form-control-wrap\" data-name=\"your-email\"><input size=\"40\" maxlength=\"400\" class=\"wpcf7-form-control wpcf7-email wpcf7-validates-as-required wpcf7-text wpcf7-validates-as-email\" aria-required=\"true\" aria-invalid=\"false\" value=\"\" type=\"email\" name=\"your-email\" \/><\/span> <\/label>\n<\/p>\n<p><label>Subject<br \/>\n<span class=\"wpcf7-form-control-wrap\" data-name=\"your-subject\"><input size=\"40\" maxlength=\"400\" class=\"wpcf7-form-control wpcf7-text\" aria-invalid=\"false\" value=\"\" type=\"text\" name=\"your-subject\" \/><\/span> <\/label>\n<\/p>\n<p><label>Message<br \/>\n<span class=\"wpcf7-form-control-wrap\" data-name=\"your-message\"><textarea cols=\"40\" rows=\"10\" maxlength=\"2000\" class=\"wpcf7-form-control wpcf7-textarea\" aria-invalid=\"false\" name=\"your-message\"><\/textarea><\/span> <\/label>\n<\/p>\n<p><label class=\"checkbox\"><span class=\"wpcf7-form-control-wrap\" data-name=\"dsgvo\"><span class=\"wpcf7-form-control wpcf7-checkbox wpcf7-validates-as-required\"><span class=\"wpcf7-list-item first last\"><input type=\"checkbox\" name=\"dsgvo[]\" value=\"\" \/><span class=\"wpcf7-list-item-label\"><\/span><\/span><\/span><\/span> Ich habe die <a href=\"\/datenschutz\/\" target=\"_blank\">Datenschutzerkl\u00e4rung<\/a> zur Kenntnis genommen. Hiermit stimme ich zu, dass die von mir eingegebenen Daten zur Bearbeitung meines Anliegens verarbeitet und gespeichert werden d\u00fcrfen. Sie k\u00f6nnen Ihre Einwilligung jederzeit f\u00fcr die Zukunft widerrufen.<\/label>\n<\/p>\n\n<div style=\"padding-top:15px;\">\n\t<p><input class=\"wpcf7-form-control wpcf7-submit has-spinner\" type=\"submit\" value=\"Submit\" \/>\n\t<\/p>\n<\/div><div class=\"wpcf7-response-output\" aria-hidden=\"true\"><\/div>\n<\/form>\n<\/div>\n[\/vc_column][\/vc_row]<\/p>\n","protected":false},"excerpt":{"rendered":"<p>[vc_row][vc_column][vc_column_text][\/vc_column_text][\/vc_column][\/vc_row][vc_row][vc_column width=&#8221;5\/12&#8243; css=&#8221;.vc_custom_1631274235973{margin-top: 17px !important;}&#8221;][vc_column_text]Nehmen Sie jetzt Kontakt zu uns auf wenn Sie Fragen oder Anregungen haben. Wir nehmen Ihr Anliegen erst und werden uns zeitnah bei Ihnen melden.[\/vc_column_text][vc_column_text]WerteInitiative e.V&#8230;.<\/p>\n","protected":false},"author":4,"featured_media":0,"parent":0,"menu_order":0,"comment_status":"closed","ping_status":"closed","template":"","meta":{"_acf_changed":false,"_bbp_topic_count":0,"_bbp_reply_count":0,"_bbp_total_topic_count":0,"_bbp_total_reply_count":0,"_bbp_voice_count":0,"_bbp_anonymous_reply_count":0,"_bbp_topic_count_hidden":0,"_bbp_reply_count_hidden":0,"_bbp_forum_subforum_count":0,"footnotes":""},"class_list":["post-628","page","type-page","status-publish","hentry"],"acf":[],"yoast_head":"<!-- This site is optimized with the Yoast SEO plugin v27.4 - https:\/\/yoast.com\/product\/yoast-seo-wordpress\/ -->\n<title>Contact &#8212; WerteInitiative. j\u00fcdisch-deutsche Positionen<\/title>\n<meta name=\"robots\" content=\"index, follow, max-snippet:-1, max-image-preview:large, max-video-preview:-1\" \/>\n<link rel=\"canonical\" href=\"https:\/\/werteinitiative.de\/en\/contact\/\" \/>\n<meta property=\"og:locale\" content=\"en_US\" \/>\n<meta property=\"og:type\" content=\"article\" \/>\n<meta property=\"og:title\" content=\"Contact &#8212; WerteInitiative. j\u00fcdisch-deutsche Positionen\" \/>\n<meta property=\"og:description\" content=\"[vc_row][vc_column][vc_column_text][\/vc_column_text][\/vc_column][\/vc_row][vc_row][vc_column width=&#8221;5\/12&#8243; css=&#8221;.vc_custom_1631274235973{margin-top: 17px !important;}&#8221;][vc_column_text]Nehmen Sie jetzt Kontakt zu uns auf wenn Sie Fragen oder Anregungen haben. Wir nehmen Ihr Anliegen erst und werden uns zeitnah bei Ihnen melden.[\/vc_column_text][vc_column_text]WerteInitiative e.V....\" \/>\n<meta property=\"og:url\" content=\"https:\/\/werteinitiative.de\/en\/contact\/\" \/>\n<meta property=\"og:site_name\" content=\"WerteInitiative. j\u00fcdisch-deutsche Positionen\" \/>\n<meta property=\"article:publisher\" content=\"https:\/\/www.facebook.com\/WerteInitiative\/\" \/>\n<meta property=\"article:modified_time\" content=\"2021-09-10T11:44:02+00:00\" \/>\n<meta property=\"og:image\" content=\"https:\/\/werteinitiative.de\/wp-content\/uploads\/2023\/10\/WI_logo_stern_farbe_479x261.png\" \/>\n\t<meta property=\"og:image:width\" content=\"479\" \/>\n\t<meta property=\"og:image:height\" content=\"261\" \/>\n\t<meta property=\"og:image:type\" content=\"image\/png\" \/>\n<meta name=\"twitter:card\" content=\"summary_large_image\" \/>\n<meta name=\"twitter:site\" content=\"@WerteInitiative\" \/>\n<script type=\"application\/ld+json\" class=\"yoast-schema-graph\">{\"@context\":\"https:\\\/\\\/schema.org\",\"@graph\":[{\"@type\":\"WebPage\",\"@id\":\"https:\\\/\\\/werteinitiative.de\\\/en\\\/contact\\\/\",\"url\":\"https:\\\/\\\/werteinitiative.de\\\/en\\\/contact\\\/\",\"name\":\"Contact &#8212; WerteInitiative. j\u00fcdisch-deutsche Positionen\",\"isPartOf\":{\"@id\":\"https:\\\/\\\/werteinitiative.de\\\/#website\"},\"datePublished\":\"2018-03-11T18:47:32+00:00\",\"dateModified\":\"2021-09-10T11:44:02+00:00\",\"breadcrumb\":{\"@id\":\"https:\\\/\\\/werteinitiative.de\\\/en\\\/contact\\\/#breadcrumb\"},\"inLanguage\":\"en-US\",\"potentialAction\":[{\"@type\":\"ReadAction\",\"target\":[\"https:\\\/\\\/werteinitiative.de\\\/en\\\/contact\\\/\"]}]},{\"@type\":\"BreadcrumbList\",\"@id\":\"https:\\\/\\\/werteinitiative.de\\\/en\\\/contact\\\/#breadcrumb\",\"itemListElement\":[{\"@type\":\"ListItem\",\"position\":1,\"name\":\"Startseite\",\"item\":\"https:\\\/\\\/werteinitiative.de\\\/en\\\/\"},{\"@type\":\"ListItem\",\"position\":2,\"name\":\"Contact\"}]},{\"@type\":\"WebSite\",\"@id\":\"https:\\\/\\\/werteinitiative.de\\\/#website\",\"url\":\"https:\\\/\\\/werteinitiative.de\\\/\",\"name\":\"WerteInitiative - j\u00fcdisch-deutsche Positionen\",\"description\":\"j\u00fcdisch-deutsche Positionen\",\"publisher\":{\"@id\":\"https:\\\/\\\/werteinitiative.de\\\/#organization\"},\"potentialAction\":[{\"@type\":\"SearchAction\",\"target\":{\"@type\":\"EntryPoint\",\"urlTemplate\":\"https:\\\/\\\/werteinitiative.de\\\/?s={search_term_string}\"},\"query-input\":{\"@type\":\"PropertyValueSpecification\",\"valueRequired\":true,\"valueName\":\"search_term_string\"}}],\"inLanguage\":\"en-US\"},{\"@type\":\"Organization\",\"@id\":\"https:\\\/\\\/werteinitiative.de\\\/#organization\",\"name\":\"WerteInitiative - j\u00fcdisch-deutsche Positionen e.V.\",\"url\":\"https:\\\/\\\/werteinitiative.de\\\/\",\"logo\":{\"@type\":\"ImageObject\",\"inLanguage\":\"en-US\",\"@id\":\"https:\\\/\\\/werteinitiative.de\\\/#\\\/schema\\\/logo\\\/image\\\/\",\"url\":\"https:\\\/\\\/werteinitiative.de\\\/wp-content\\\/uploads\\\/2018\\\/03\\\/werteinitiative-logo-1-2.png\",\"contentUrl\":\"https:\\\/\\\/werteinitiative.de\\\/wp-content\\\/uploads\\\/2018\\\/03\\\/werteinitiative-logo-1-2.png\",\"width\":1600,\"height\":328,\"caption\":\"WerteInitiative - j\u00fcdisch-deutsche Positionen e.V.\"},\"image\":{\"@id\":\"https:\\\/\\\/werteinitiative.de\\\/#\\\/schema\\\/logo\\\/image\\\/\"},\"sameAs\":[\"https:\\\/\\\/www.facebook.com\\\/WerteInitiative\\\/\",\"https:\\\/\\\/x.com\\\/WerteInitiative\",\"https:\\\/\\\/werteinitiative.de\",\"https:\\\/\\\/www.youtube.com\\\/channel\\\/UCYxMy0tanl-EMKY_OdudKaQ\"]}]}<\/script>\n<!-- \/ Yoast SEO plugin. -->","yoast_head_json":{"title":"Contact &#8212; WerteInitiative. j\u00fcdisch-deutsche Positionen","robots":{"index":"index","follow":"follow","max-snippet":"max-snippet:-1","max-image-preview":"max-image-preview:large","max-video-preview":"max-video-preview:-1"},"canonical":"https:\/\/werteinitiative.de\/en\/contact\/","og_locale":"en_US","og_type":"article","og_title":"Contact &#8212; WerteInitiative. j\u00fcdisch-deutsche Positionen","og_description":"[vc_row][vc_column][vc_column_text][\/vc_column_text][\/vc_column][\/vc_row][vc_row][vc_column width=&#8221;5\/12&#8243; css=&#8221;.vc_custom_1631274235973{margin-top: 17px !important;}&#8221;][vc_column_text]Nehmen Sie jetzt Kontakt zu uns auf wenn Sie Fragen oder Anregungen haben. Wir nehmen Ihr Anliegen erst und werden uns zeitnah bei Ihnen melden.[\/vc_column_text][vc_column_text]WerteInitiative e.V....","og_url":"https:\/\/werteinitiative.de\/en\/contact\/","og_site_name":"WerteInitiative. j\u00fcdisch-deutsche Positionen","article_publisher":"https:\/\/www.facebook.com\/WerteInitiative\/","article_modified_time":"2021-09-10T11:44:02+00:00","og_image":[{"width":479,"height":261,"url":"https:\/\/werteinitiative.de\/wp-content\/uploads\/2023\/10\/WI_logo_stern_farbe_479x261.png","type":"image\/png"}],"twitter_card":"summary_large_image","twitter_site":"@WerteInitiative","schema":{"@context":"https:\/\/schema.org","@graph":[{"@type":"WebPage","@id":"https:\/\/werteinitiative.de\/en\/contact\/","url":"https:\/\/werteinitiative.de\/en\/contact\/","name":"Contact &#8212; WerteInitiative. j\u00fcdisch-deutsche Positionen","isPartOf":{"@id":"https:\/\/werteinitiative.de\/#website"},"datePublished":"2018-03-11T18:47:32+00:00","dateModified":"2021-09-10T11:44:02+00:00","breadcrumb":{"@id":"https:\/\/werteinitiative.de\/en\/contact\/#breadcrumb"},"inLanguage":"en-US","potentialAction":[{"@type":"ReadAction","target":["https:\/\/werteinitiative.de\/en\/contact\/"]}]},{"@type":"BreadcrumbList","@id":"https:\/\/werteinitiative.de\/en\/contact\/#breadcrumb","itemListElement":[{"@type":"ListItem","position":1,"name":"Startseite","item":"https:\/\/werteinitiative.de\/en\/"},{"@type":"ListItem","position":2,"name":"Contact"}]},{"@type":"WebSite","@id":"https:\/\/werteinitiative.de\/#website","url":"https:\/\/werteinitiative.de\/","name":"WerteInitiative - j\u00fcdisch-deutsche Positionen","description":"j\u00fcdisch-deutsche Positionen","publisher":{"@id":"https:\/\/werteinitiative.de\/#organization"},"potentialAction":[{"@type":"SearchAction","target":{"@type":"EntryPoint","urlTemplate":"https:\/\/werteinitiative.de\/?s={search_term_string}"},"query-input":{"@type":"PropertyValueSpecification","valueRequired":true,"valueName":"search_term_string"}}],"inLanguage":"en-US"},{"@type":"Organization","@id":"https:\/\/werteinitiative.de\/#organization","name":"WerteInitiative - j\u00fcdisch-deutsche Positionen e.V.","url":"https:\/\/werteinitiative.de\/","logo":{"@type":"ImageObject","inLanguage":"en-US","@id":"https:\/\/werteinitiative.de\/#\/schema\/logo\/image\/","url":"https:\/\/werteinitiative.de\/wp-content\/uploads\/2018\/03\/werteinitiative-logo-1-2.png","contentUrl":"https:\/\/werteinitiative.de\/wp-content\/uploads\/2018\/03\/werteinitiative-logo-1-2.png","width":1600,"height":328,"caption":"WerteInitiative - j\u00fcdisch-deutsche Positionen e.V."},"image":{"@id":"https:\/\/werteinitiative.de\/#\/schema\/logo\/image\/"},"sameAs":["https:\/\/www.facebook.com\/WerteInitiative\/","https:\/\/x.com\/WerteInitiative","https:\/\/werteinitiative.de","https:\/\/www.youtube.com\/channel\/UCYxMy0tanl-EMKY_OdudKaQ"]}]}},"_links":{"self":[{"href":"https:\/\/werteinitiative.de\/en\/wp-json\/wp\/v2\/pages\/628","targetHints":{"allow":["GET"]}}],"collection":[{"href":"https:\/\/werteinitiative.de\/en\/wp-json\/wp\/v2\/pages"}],"about":[{"href":"https:\/\/werteinitiative.de\/en\/wp-json\/wp\/v2\/types\/page"}],"author":[{"embeddable":true,"href":"https:\/\/werteinitiative.de\/en\/wp-json\/wp\/v2\/users\/4"}],"replies":[{"embeddable":true,"href":"https:\/\/werteinitiative.de\/en\/wp-json\/wp\/v2\/comments?post=628"}],"version-history":[{"count":0,"href":"https:\/\/werteinitiative.de\/en\/wp-json\/wp\/v2\/pages\/628\/revisions"}],"wp:attachment":[{"href":"https:\/\/werteinitiative.de\/en\/wp-json\/wp\/v2\/media?parent=628"}],"curies":[{"name":"wp","href":"https:\/\/api.w.org\/{rel}","templated":true}]}}